{"id":4283,"date":"2021-05-03T20:12:36","date_gmt":"2021-05-03T18:12:36","guid":{"rendered":"https:\/\/www.lesenfantsdefrankie.com\/?page_id=4283"},"modified":"2025-07-24T14:46:22","modified_gmt":"2025-07-24T12:46:22","slug":"les-aventures-de-frankie","status":"publish","type":"page","link":"https:\/\/www.lesenfantsdefrankie.com\/en\/les-aventures-de-frankie\/","title":{"rendered":"Frankie's Adventures"},"content":{"rendered":"<p>[et_pb_section fb_built=\u00a0\u00bb1&Prime; admin_label=\u00a0\u00bbMarket Information Section\u00a0\u00bb _builder_version=\u00a0\u00bb4.16&Prime; custom_padding=\u00a0\u00bb40px||40px||true|\u00a0\u00bb global_colors_info=\u00a0\u00bb{}\u00a0\u00bb][et_pb_row admin_label=\u00a0\u00bbMarket Information Title Area\u00a0\u00bb _builder_version=\u00a0\u00bb4.16&Prime; custom_margin=\u00a0\u00bb|auto|-40px|auto||\u00a0\u00bb custom_padding=\u00a0\u00bb|||\u00a0\u00bb global_colors_info=\u00a0\u00bb{}\u00a0\u00bb][et_pb_column type=\u00a0\u00bb4_4&Prime; _builder_version=\u00a0\u00bb4.16&Prime; custom_padding=\u00a0\u00bb|||\u00a0\u00bb global_colors_info=\u00a0\u00bb{}\u00a0\u00bb custom_padding__hover=\u00a0\u00bb|||\u00a0\u00bb][et_pb_text admin_label=\u00a0\u00bbTitle\u00a0\u00bb _builder_version=\u00a0\u00bb4.27.4&Prime; text_font=\u00a0\u00bb||||||||\u00a0\u00bb header_font=\u00a0\u00bb||||||||\u00a0\u00bb header_text_color=\u00a0\u00bb#153575&Prime; header_2_font=\u00a0\u00bbLato||||||||\u00a0\u00bb header_2_font_size=\u00a0\u00bb36px\u00a0\u00bb header_2_line_height=\u00a0\u00bb1.5em\u00a0\u00bb custom_padding=\u00a0\u00bb|||\u00a0\u00bb animation_direction=\u00a0\u00bbleft\u00a0\u00bb text_text_shadow_style=\u00a0\u00bbpreset1&Prime; inline_fonts=\u00a0\u00bbAbril Fatface\u00a0\u00bb global_colors_info=\u00a0\u00bb{}\u00a0\u00bb]<\/p>\n<h1 id=\"title\" style=\"text-align: center;\"><span style=\"color: #e09900; font-family: Abril Fatface; font-weight: normal;\"><strong>ALEO POLLY IN FRANKIELAND<\/strong><\/span><\/h1>\n<p>[\/et_pb_text][et_pb_image src=\u00a0\u00bbhttp:\/\/www.lesenfantsdefrankie.com\/wp-content\/uploads\/2021\/05\/LES-3-PERSONNAGES-de\u0301toure\u0301-768&#215;512-1.png\u00a0\u00bb title_text=\u00a0\u00bbLES-3-PERSONNAGES-de\u0301toure\u0301-768&#215;512&Prime; align=\u00a0\u00bbcenter\u00a0\u00bb _builder_version=\u00a0\u00bb4.27.4&Prime; _module_preset=\u00a0\u00bbdefault\u00a0\u00bb width=\u00a0\u00bb53.1%\u00a0\u00bb width_tablet=\u00a0\u00bb\u00a0\u00bb width_phone=\u00a0\u00bb80%\u00a0\u00bb width_last_edited=\u00a0\u00bbon|phone\u00a0\u00bb global_colors_info=\u00a0\u00bb{}\u00a0\u00bb][\/et_pb_image][et_pb_text _builder_version=\u00a0\u00bb4.27.4&Prime; _module_preset=\u00a0\u00bbdefault\u00a0\u00bb width=\u00a0\u00bb100%\u00a0\u00bb global_colors_info=\u00a0\u00bb{}\u00a0\u00bb]<\/p>\n<h2 style=\"text-align: center;\"><span><span style=\"font-family: Abril Fatface; font-weight: normal; color: #e09900;\">Lisez les aventures de Frankie!<\/span><br \/><span style=\"font-family: Abril Fatface; font-weight: normal; color: #e09900;\">La BD \u00c9co-responsable<\/span><br \/><\/span><\/h2>\n<p style=\"text-align: center;\"><span style=\"font-family: Albert Sans; font-weight: normal; color: #0c71c3;\">Frankie est la mascotte clown de l&rsquo;Association \u00ab\u00a0Les enfants de Frankie\u00a0\u00bb.\u00a0 Frankie adopte les principes de base des Objectifs de D\u00e9veloppement Durable en nous faisant partager ses histoires comiques \u00e0 travers les aventures d&rsquo;Aleo &amp; Polly a Frankieland. <\/span><\/p>\n<p style=\"text-align: center;\"><span><span style=\"font-family: Albert Sans; font-weight: normal; color: #0c71c3;\"><strong>A la fin de chaque \u00e9pisode l&rsquo;\u00e9co-geste rappel aux enfants les r\u00e8gles \u00e9l\u00e9mentaires de la protection de notre plan\u00e8te.<\/strong><\/span><\/span><\/p>\n<p>[\/et_pb_text][\/et_pb_column][\/et_pb_row][\/et_pb_section][et_pb_section fb_built=\u00a0\u00bb1&Prime; _builder_version=\u00a0\u00bb4.16&Prime; _module_preset=\u00a0\u00bbdefault\u00a0\u00bb custom_padding=\u00a0\u00bb0px|||||\u00a0\u00bb global_colors_info=\u00a0\u00bb{}\u00a0\u00bb][et_pb_row column_structure=\u00a0\u00bb1_2,1_2&Prime; _builder_version=\u00a0\u00bb4.16&Prime; _module_preset=\u00a0\u00bbdefault\u00a0\u00bb global_colors_info=\u00a0\u00bb{}\u00a0\u00bb custom_padding=\u00a0\u00bb||59px|||\u00a0\u00bb][et_pb_column type=\u00a0\u00bb1_2&Prime; _builder_version=\u00a0\u00bb4.16&Prime; _module_preset=\u00a0\u00bbdefault\u00a0\u00bb global_colors_info=\u00a0\u00bb{}\u00a0\u00bb][\/et_pb_column][et_pb_column type=\u00a0\u00bb1_2&Prime; _builder_version=\u00a0\u00bb4.16&Prime; _module_preset=\u00a0\u00bbdefault\u00a0\u00bb global_colors_info=\u00a0\u00bb{}\u00a0\u00bb][\/et_pb_column][\/et_pb_row][et_pb_row column_structure=\u00a0\u00bb1_4,1_4,1_2&Prime; _builder_version=\u00a0\u00bb4.16&Prime; _module_preset=\u00a0\u00bbdefault\u00a0\u00bb link_option_url_new_window=\u00a0\u00bbon\u00a0\u00bb global_colors_info=\u00a0\u00bb{}\u00a0\u00bb][et_pb_column type=\u00a0\u00bb1_4&Prime; _builder_version=\u00a0\u00bb4.16&Prime; _module_preset=\u00a0\u00bbdefault\u00a0\u00bb global_colors_info=\u00a0\u00bb{}\u00a0\u00bb][et_pb_image src=\u00a0\u00bbhttp:\/\/www.lesenfantsdefrankie.com\/wp-content\/uploads\/2021\/05\/Frankie_thebeginning.jpg\u00a0\u00bb title_text=\u00a0\u00bbFrankie_thebeginning\u00a0\u00bb url=\u00a0\u00bbhttp:\/\/www.lesenfantsdefrankie.com\/wp-content\/uploads\/2022\/02\/THE-BEGINNING.pdf\u00a0\u00bb url_new_window=\u00a0\u00bbon\u00a0\u00bb _builder_version=\u00a0\u00bb4.27.4&Prime; _module_preset=\u00a0\u00bbdefault\u00a0\u00bb width=\u00a0\u00bb65%\u00a0\u00bb module_alignment=\u00a0\u00bbcenter\u00a0\u00bb global_colors_info=\u00a0\u00bb{}\u00a0\u00bb][\/et_pb_image][et_pb_text _builder_version=\u00a0\u00bb4.27.4&Prime; text_font=\u00a0\u00bb||||||||\u00a0\u00bb text_font_size=\u00a0\u00bb15px\u00a0\u00bb text_line_height=\u00a0\u00bb1.8em\u00a0\u00bb header_font=\u00a0\u00bb||||||||\u00a0\u00bb text_orientation=\u00a0\u00bbcenter\u00a0\u00bb animation_style=\u00a0\u00bbflip\u00a0\u00bb animation_direction=\u00a0\u00bbleft\u00a0\u00bb animation_intensity_flip=\u00a0\u00bb20%\u00a0\u00bb animation_starting_opacity=\u00a0\u00bb100%\u00a0\u00bb locked=\u00a0\u00bboff\u00a0\u00bb inline_fonts=\u00a0\u00bbAlbert Sans\u00a0\u00bb global_colors_info=\u00a0\u00bb{}\u00a0\u00bb]<\/p>\n<p><span style=\"color: #e09900; font-family: Albert Sans;\"><span style=\"text-decoration: underline;\"><strong>Episode 1<\/strong><\/span>:<\/span><br \/><span style=\"color: #e09900; font-family: Albert Sans;\"><a href=\"http:\/\/www.lesenfantsdefrankie.com\/wp-content\/uploads\/2022\/02\/THE-BEGINNING.pdf\" target=\"_blank\" rel=\"noopener noreferrer\" style=\"color: #e09900;\">The very beginning<\/a><\/span><\/p>\n<p>[\/et_pb_text][et_pb_image src=\u00a0\u00bbhttp:\/\/www.lesenfantsdefrankie.com\/wp-content\/uploads\/2021\/05\/Frankie_atthecircus.jpg\u00a0\u00bb title_text=\u00a0\u00bbFrankie_atthecircus\u00a0\u00bb url=\u00a0\u00bbhttp:\/\/www.lesenfantsdefrankie.com\/wp-content\/uploads\/2022\/02\/THE-CIRCUS.pdf\u00a0\u00bb url_new_window=\u00a0\u00bbon\u00a0\u00bb _builder_version=\u00a0\u00bb4.16&Prime; _module_preset=\u00a0\u00bbdefault\u00a0\u00bb width=\u00a0\u00bb70%\u00a0\u00bb module_alignment=\u00a0\u00bbcenter\u00a0\u00bb global_colors_info=\u00a0\u00bb{}\u00a0\u00bb][\/et_pb_image][et_pb_text _builder_version=\u00a0\u00bb4.27.4&Prime; text_font=\u00a0\u00bb||||||||\u00a0\u00bb text_font_size=\u00a0\u00bb15px\u00a0\u00bb text_line_height=\u00a0\u00bb1.8em\u00a0\u00bb header_font=\u00a0\u00bb||||||||\u00a0\u00bb text_orientation=\u00a0\u00bbcenter\u00a0\u00bb animation_style=\u00a0\u00bbflip\u00a0\u00bb animation_direction=\u00a0\u00bbleft\u00a0\u00bb animation_intensity_flip=\u00a0\u00bb20%\u00a0\u00bb animation_starting_opacity=\u00a0\u00bb100%\u00a0\u00bb locked=\u00a0\u00bboff\u00a0\u00bb inline_fonts=\u00a0\u00bbAlbert Sans\u00a0\u00bb global_colors_info=\u00a0\u00bb{}\u00a0\u00bb]<\/p>\n<p><span style=\"color: #e09900; font-family: Albert Sans;\"><span style=\"font-size: 16px;\"><span style=\"text-decoration: underline;\"><strong>Episode 3<\/strong>:<\/span><br \/><\/span><a style=\"font-size: 16px; color: #e09900;\" href=\"http:\/\/www.lesenfantsdefrankie.com\/wp-content\/uploads\/2022\/02\/THE-CIRCUS.pdf\" target=\"_blank\" rel=\"noopener noreferrer\">Frankie at the Circus<\/a><\/span><\/p>\n<p>[\/et_pb_text][et_pb_image src=\u00a0\u00bbhttp:\/\/www.lesenfantsdefrankie.com\/wp-content\/uploads\/2022\/01\/Frankie_atthepalace.jpg\u00a0\u00bb title_text=\u00a0\u00bbFrankie_atthepalace\u00a0\u00bb url=\u00a0\u00bbhttp:\/\/www.lesenfantsdefrankie.com\/wp-content\/uploads\/2022\/01\/EPISODE-5-AU-PALAIS_page-0001.jpg\u00a0\u00bb url_new_window=\u00a0\u00bbon\u00a0\u00bb _builder_version=\u00a0\u00bb4.16&Prime; _module_preset=\u00a0\u00bbdefault\u00a0\u00bb width=\u00a0\u00bb70%\u00a0\u00bb module_alignment=\u00a0\u00bbcenter\u00a0\u00bb global_colors_info=\u00a0\u00bb{}\u00a0\u00bb][\/et_pb_image][et_pb_text _builder_version=\u00a0\u00bb4.27.4&Prime; text_font=\u00a0\u00bb||||||||\u00a0\u00bb text_font_size=\u00a0\u00bb15px\u00a0\u00bb text_line_height=\u00a0\u00bb1.8em\u00a0\u00bb header_font=\u00a0\u00bb||||||||\u00a0\u00bb text_orientation=\u00a0\u00bbcenter\u00a0\u00bb animation_style=\u00a0\u00bbflip\u00a0\u00bb animation_direction=\u00a0\u00bbleft\u00a0\u00bb animation_intensity_flip=\u00a0\u00bb20%\u00a0\u00bb animation_starting_opacity=\u00a0\u00bb100%\u00a0\u00bb locked=\u00a0\u00bboff\u00a0\u00bb inline_fonts=\u00a0\u00bbAlbert Sans\u00a0\u00bb global_colors_info=\u00a0\u00bb{}\u00a0\u00bb]<\/p>\n<p><span style=\"color: #e09900; font-family: Albert Sans; font-weight: normal;\"><span style=\"text-decoration: underline;\"><strong>Episode 5<\/strong><\/span>:<\/span><br \/><span style=\"color: #e09900; font-family: Albert Sans; font-weight: normal;\"><a href=\"http:\/\/www.lesenfantsdefrankie.com\/wp-content\/uploads\/2022\/01\/EPISODE-5-AU-PALAIS_page-0001.jpg\" style=\"color: #e09900;\">Frankie at the Palace<\/a><\/span><\/p>\n<p>[\/et_pb_text][et_pb_image src=\u00a0\u00bbhttp:\/\/www.lesenfantsdefrankie.com\/wp-content\/uploads\/2022\/01\/Frankie_atthestadium.jpg\u00a0\u00bb title_text=\u00a0\u00bbFrankie_atthestadium\u00a0\u00bb url=\u00a0\u00bbhttp:\/\/www.lesenfantsdefrankie.com\/wp-content\/uploads\/2022\/01\/EPISODE-8-AT-THE-STADIUM_page-0001.jpg\u00a0\u00bb url_new_window=\u00a0\u00bbon\u00a0\u00bb _builder_version=\u00a0\u00bb4.16&Prime; _module_preset=\u00a0\u00bbdefault\u00a0\u00bb width=\u00a0\u00bb70%\u00a0\u00bb module_alignment=\u00a0\u00bbcenter\u00a0\u00bb global_colors_info=\u00a0\u00bb{}\u00a0\u00bb][\/et_pb_image][et_pb_text _builder_version=\u00a0\u00bb4.27.4&Prime; text_font=\u00a0\u00bb||||||||\u00a0\u00bb text_line_height=\u00a0\u00bb1.8em\u00a0\u00bb header_font=\u00a0\u00bb||||||||\u00a0\u00bb text_orientation=\u00a0\u00bbcenter\u00a0\u00bb animation_style=\u00a0\u00bbflip\u00a0\u00bb animation_direction=\u00a0\u00bbleft\u00a0\u00bb animation_intensity_flip=\u00a0\u00bb20%\u00a0\u00bb animation_starting_opacity=\u00a0\u00bb100%\u00a0\u00bb locked=\u00a0\u00bboff\u00a0\u00bb inline_fonts=\u00a0\u00bbAlbert Sans\u00a0\u00bb global_colors_info=\u00a0\u00bb{}\u00a0\u00bb]<\/p>\n<p><span style=\"color: #e09900; font-family: Albert Sans; font-weight: normal;\"><span style=\"font-size: 16px;\"><strong><span style=\"text-decoration: underline;\">Episode 7:<\/span><\/strong><br \/><\/span><a style=\"font-size: 16px; color: #e09900;\" href=\"http:\/\/www.lesenfantsdefrankie.com\/wp-content\/uploads\/2022\/01\/EPISODE-8-AT-THE-STADIUM_page-0001.jpg\" target=\"_blank\" rel=\"noopener noreferrer\">Frankie at the Stadium<\/a><\/span><\/p>\n<p>[\/et_pb_text][et_pb_image src=\u00a0\u00bbhttps:\/\/www.lesenfantsdefrankie.com\/wp-content\/uploads\/2024\/01\/Frankie_atthegardenexotic.jpg\u00a0\u00bb title_text=\u00a0\u00bbFrankie_atthegardenexotic\u00a0\u00bb url=\u00a0\u00bbhttps:\/\/www.lesenfantsdefrankie.com\/wp-content\/uploads\/2024\/01\/EPISODE-9-JARIN-EXOTIQUE.pdf\u00a0\u00bb url_new_window=\u00a0\u00bbon\u00a0\u00bb _builder_version=\u00a0\u00bb4.23.1&Prime; _module_preset=\u00a0\u00bbdefault\u00a0\u00bb width=\u00a0\u00bb70%\u00a0\u00bb module_alignment=\u00a0\u00bbcenter\u00a0\u00bb global_colors_info=\u00a0\u00bb{}\u00a0\u00bb][\/et_pb_image][et_pb_text _builder_version=\u00a0\u00bb4.27.4&Prime; text_font=\u00a0\u00bb||||||||\u00a0\u00bb text_font_size=\u00a0\u00bb15px\u00a0\u00bb text_line_height=\u00a0\u00bb1.8em\u00a0\u00bb header_font=\u00a0\u00bb||||||||\u00a0\u00bb text_orientation=\u00a0\u00bbcenter\u00a0\u00bb animation_style=\u00a0\u00bbflip\u00a0\u00bb animation_direction=\u00a0\u00bbleft\u00a0\u00bb animation_intensity_flip=\u00a0\u00bb20%\u00a0\u00bb animation_starting_opacity=\u00a0\u00bb100%\u00a0\u00bb locked=\u00a0\u00bboff\u00a0\u00bb inline_fonts=\u00a0\u00bbAlbert Sans\u00a0\u00bb global_colors_info=\u00a0\u00bb{}\u00a0\u00bb]<\/p>\n<p><span style=\"font-family: Albert Sans; font-weight: normal;\"><span style=\"font-size: 16px; color: #e09900;\"><span style=\"text-decoration: underline;\"><strong>Episode 9<\/strong>:<\/span><br \/><\/span><a style=\"font-size: 16px;\" href=\"https:\/\/www.lesenfantsdefrankie.com\/wp-content\/uploads\/2024\/01\/EPISODE-9-JARIN-EXOTIQUE.pdf\" target=\"_blank\" rel=\"noopener noreferrer\"><span style=\"color: #e09900;\">Frankie at the Exotic Garden<\/span><\/a><\/span><\/p>\n<p>[\/et_pb_text][\/et_pb_column][et_pb_column type=\u00a0\u00bb1_4&Prime; _builder_version=\u00a0\u00bb4.16&Prime; _module_preset=\u00a0\u00bbdefault\u00a0\u00bb global_colors_info=\u00a0\u00bb{}\u00a0\u00bb][et_pb_image src=\u00a0\u00bbhttp:\/\/www.lesenfantsdefrankie.com\/wp-content\/uploads\/2021\/05\/Frankie_atthebeachpsd.jpg\u00a0\u00bb title_text=\u00a0\u00bbFrankie_atthebeachpsd\u00a0\u00bb url=\u00a0\u00bbhttp:\/\/www.lesenfantsdefrankie.com\/wp-content\/uploads\/2022\/02\/BEACH.pdf\u00a0\u00bb url_new_window=\u00a0\u00bbon\u00a0\u00bb _builder_version=\u00a0\u00bb4.27.4&Prime; _module_preset=\u00a0\u00bbdefault\u00a0\u00bb width=\u00a0\u00bb70%\u00a0\u00bb module_alignment=\u00a0\u00bbcenter\u00a0\u00bb border_width_all=\u00a0\u00bb3px\u00a0\u00bb border_color_all=\u00a0\u00bb#FFFFFF\u00a0\u00bb global_colors_info=\u00a0\u00bb{}\u00a0\u00bb][\/et_pb_image][et_pb_text _builder_version=\u00a0\u00bb4.27.4&Prime; text_font=\u00a0\u00bb||||||||\u00a0\u00bb text_font_size=\u00a0\u00bb12px\u00a0\u00bb text_line_height=\u00a0\u00bb1.8em\u00a0\u00bb header_font=\u00a0\u00bb||||||||\u00a0\u00bb text_orientation=\u00a0\u00bbcenter\u00a0\u00bb module_alignment=\u00a0\u00bbcenter\u00a0\u00bb animation_style=\u00a0\u00bbflip\u00a0\u00bb animation_direction=\u00a0\u00bbleft\u00a0\u00bb animation_intensity_flip=\u00a0\u00bb20%\u00a0\u00bb animation_starting_opacity=\u00a0\u00bb100%\u00a0\u00bb locked=\u00a0\u00bboff\u00a0\u00bb inline_fonts=\u00a0\u00bbAlbert Sans\u00a0\u00bb global_colors_info=\u00a0\u00bb{}\u00a0\u00bb]<\/p>\n<p><span style=\"color: #e09900;\"><span style=\"font-family: Albert Sans; font-weight: normal;\"><span style=\"text-decoration: underline;\"><span style=\"font-size: 16px;\"><strong>Episode 2<\/strong>:<\/span><\/span><span style=\"font-size: 16px;\"><br \/><\/span><\/span><span style=\"font-family: Albert Sans;\"><a style=\"font-size: 16px; color: #e09900;\" href=\"http:\/\/www.lesenfantsdefrankie.com\/wp-content\/uploads\/2022\/02\/BEACH.pdf\" target=\"_blank\" rel=\"noopener noreferrer\"><span style=\"font-weight: normal;\">Frankie at the Beach<\/span><\/a><\/span><\/span><\/p>\n<p>[\/et_pb_text][et_pb_image src=\u00a0\u00bbhttp:\/\/www.lesenfantsdefrankie.com\/wp-content\/uploads\/2022\/01\/Frankie_athome.jpg\u00a0\u00bb title_text=\u00a0\u00bbFrankie_athome\u00a0\u00bb url=\u00a0\u00bbhttp:\/\/www.lesenfantsdefrankie.com\/wp-content\/uploads\/2022\/01\/EPISODE-7-AT-HOME-WITH-COVID_page-0001.jpg\u00a0\u00bb url_new_window=\u00a0\u00bbon\u00a0\u00bb _builder_version=\u00a0\u00bb4.16&Prime; _module_preset=\u00a0\u00bbdefault\u00a0\u00bb width=\u00a0\u00bb70%\u00a0\u00bb module_alignment=\u00a0\u00bbcenter\u00a0\u00bb global_colors_info=\u00a0\u00bb{}\u00a0\u00bb][\/et_pb_image][et_pb_text _builder_version=\u00a0\u00bb4.27.4&Prime; text_font=\u00a0\u00bb||||||||\u00a0\u00bb text_font_size=\u00a0\u00bb15px\u00a0\u00bb text_line_height=\u00a0\u00bb1.8em\u00a0\u00bb header_font=\u00a0\u00bb||||||||\u00a0\u00bb text_orientation=\u00a0\u00bbcenter\u00a0\u00bb animation_style=\u00a0\u00bbflip\u00a0\u00bb animation_direction=\u00a0\u00bbleft\u00a0\u00bb animation_intensity_flip=\u00a0\u00bb20%\u00a0\u00bb animation_starting_opacity=\u00a0\u00bb100%\u00a0\u00bb locked=\u00a0\u00bboff\u00a0\u00bb inline_fonts=\u00a0\u00bbAlbert Sans\u00a0\u00bb global_colors_info=\u00a0\u00bb{}\u00a0\u00bb]<\/p>\n<p><span style=\"font-family: Albert Sans; color: #e09900;\"><span style=\"text-decoration: underline;\"><strong>Episode 4<\/strong><\/span>:\u00a0<\/span><br \/><span style=\"font-family: Albert Sans; color: #e09900;\"><a href=\"http:\/\/www.lesenfantsdefrankie.com\/wp-content\/uploads\/2022\/01\/EPISODE-7-AT-HOME-WITH-COVID_page-0001.jpg\" target=\"_blank\" rel=\"noopener noreferrer\" style=\"color: #e09900;\">Frankie at home with Covid<\/a><\/span><\/p>\n<p>[\/et_pb_text][et_pb_image src=\u00a0\u00bbhttp:\/\/www.lesenfantsdefrankie.com\/wp-content\/uploads\/2022\/01\/Frankie_attheheliport.jpg\u00a0\u00bb title_text=\u00a0\u00bbFrankie_attheheliport\u00a0\u00bb url=\u00a0\u00bbhttp:\/\/www.lesenfantsdefrankie.com\/wp-content\/uploads\/2022\/01\/EPISODE-6-Heliport_page-0001.jpg\u00a0\u00bb url_new_window=\u00a0\u00bbon\u00a0\u00bb _builder_version=\u00a0\u00bb4.16&Prime; _module_preset=\u00a0\u00bbdefault\u00a0\u00bb width=\u00a0\u00bb70%\u00a0\u00bb module_alignment=\u00a0\u00bbcenter\u00a0\u00bb global_colors_info=\u00a0\u00bb{}\u00a0\u00bb][\/et_pb_image][et_pb_text _builder_version=\u00a0\u00bb4.27.4&Prime; text_font=\u00a0\u00bb||||||||\u00a0\u00bb text_font_size=\u00a0\u00bb15px\u00a0\u00bb text_line_height=\u00a0\u00bb1.8em\u00a0\u00bb header_font=\u00a0\u00bb||||||||\u00a0\u00bb text_orientation=\u00a0\u00bbcenter\u00a0\u00bb module_alignment=\u00a0\u00bbcenter\u00a0\u00bb animation_style=\u00a0\u00bbflip\u00a0\u00bb animation_direction=\u00a0\u00bbleft\u00a0\u00bb animation_intensity_flip=\u00a0\u00bb20%\u00a0\u00bb animation_starting_opacity=\u00a0\u00bb100%\u00a0\u00bb locked=\u00a0\u00bboff\u00a0\u00bb inline_fonts=\u00a0\u00bbAlbert Sans\u00a0\u00bb global_colors_info=\u00a0\u00bb{}\u00a0\u00bb]<\/p>\n<p><span style=\"color: #e09900;\"><span style=\"font-family: Albert Sans;\"><span style=\"text-decoration: underline;\"><span style=\"font-size: 16px;\"><strong>Episode 6<\/strong>:<\/span><\/span><span style=\"font-size: 16px;\"><br \/><\/span><\/span><a style=\"font-size: 16px; color: #e09900;\" href=\"http:\/\/www.lesenfantsdefrankie.com\/wp-content\/uploads\/2022\/01\/EPISODE-6-Heliport_page-0001.jpg\" target=\"_blank\" rel=\"noopener noreferrer\"><span style=\"font-family: Albert Sans;\">Frankie at the Heliport<\/span><\/a><\/span><\/p>\n<p>[\/et_pb_text][et_pb_image src=\u00a0\u00bbhttp:\/\/www.lesenfantsdefrankie.com\/wp-content\/uploads\/2021\/05\/Frankie_atthemuseum.jpg\u00a0\u00bb title_text=\u00a0\u00bbFrankie_atthemuseum\u00a0\u00bb url=\u00a0\u00bbhttp:\/\/www.lesenfantsdefrankie.com\/wp-content\/uploads\/2022\/02\/MUSEUM.pdf\u00a0\u00bb url_new_window=\u00a0\u00bbon\u00a0\u00bb _builder_version=\u00a0\u00bb4.16&Prime; _module_preset=\u00a0\u00bbdefault\u00a0\u00bb width=\u00a0\u00bb70%\u00a0\u00bb module_alignment=\u00a0\u00bbcenter\u00a0\u00bb global_colors_info=\u00a0\u00bb{}\u00a0\u00bb][\/et_pb_image][et_pb_text _builder_version=\u00a0\u00bb4.27.4&Prime; text_font=\u00a0\u00bb||||||||\u00a0\u00bb text_font_size=\u00a0\u00bb15px\u00a0\u00bb text_line_height=\u00a0\u00bb1.8em\u00a0\u00bb header_font=\u00a0\u00bb||||||||\u00a0\u00bb text_orientation=\u00a0\u00bbcenter\u00a0\u00bb animation_style=\u00a0\u00bbflip\u00a0\u00bb animation_direction=\u00a0\u00bbleft\u00a0\u00bb animation_intensity_flip=\u00a0\u00bb20%\u00a0\u00bb animation_starting_opacity=\u00a0\u00bb100%\u00a0\u00bb locked=\u00a0\u00bboff\u00a0\u00bb inline_fonts=\u00a0\u00bbAlbert Sans\u00a0\u00bb global_colors_info=\u00a0\u00bb{}\u00a0\u00bb]<\/p>\n<p><span style=\"color: #e09900; font-family: Albert Sans;\"><span style=\"text-decoration: underline;\"><strong>Episode 8<\/strong><\/span>:\u00a0<\/span><br \/><span style=\"color: #e09900; font-family: Albert Sans;\"><a href=\"http:\/\/www.lesenfantsdefrankie.com\/wp-content\/uploads\/2022\/02\/MUSEUM.pdf\" target=\"_blank\" rel=\"noopener noreferrer\" style=\"color: #e09900;\">Frankie at the Museum<\/a><\/span><\/p>\n<p>[\/et_pb_text][et_pb_image src=\u00a0\u00bbhttps:\/\/www.lesenfantsdefrankie.com\/wp-content\/uploads\/2024\/01\/Frankie_attheopera.jpg\u00a0\u00bb title_text=\u00a0\u00bbFrankie_attheopera\u00a0\u00bb url=\u00a0\u00bbhttps:\/\/www.lesenfantsdefrankie.com\/wp-content\/uploads\/2024\/01\/EPISODE-10-SALLE-GARNIER.pdf\u00a0\u00bb url_new_window=\u00a0\u00bbon\u00a0\u00bb _builder_version=\u00a0\u00bb4.23.1&Prime; _module_preset=\u00a0\u00bbdefault\u00a0\u00bb width=\u00a0\u00bb70%\u00a0\u00bb module_alignment=\u00a0\u00bbcenter\u00a0\u00bb global_colors_info=\u00a0\u00bb{}\u00a0\u00bb][\/et_pb_image][et_pb_text _builder_version=\u00a0\u00bb4.27.4&Prime; text_font=\u00a0\u00bb||||||||\u00a0\u00bb text_font_size=\u00a0\u00bb15px\u00a0\u00bb text_line_height=\u00a0\u00bb1.8em\u00a0\u00bb header_font=\u00a0\u00bb||||||||\u00a0\u00bb text_orientation=\u00a0\u00bbcenter\u00a0\u00bb custom_padding=\u00a0\u00bb||14px|||\u00a0\u00bb animation_style=\u00a0\u00bbflip\u00a0\u00bb animation_direction=\u00a0\u00bbleft\u00a0\u00bb animation_intensity_flip=\u00a0\u00bb20%\u00a0\u00bb animation_starting_opacity=\u00a0\u00bb100%\u00a0\u00bb locked=\u00a0\u00bboff\u00a0\u00bb inline_fonts=\u00a0\u00bbAlbert Sans\u00a0\u00bb global_colors_info=\u00a0\u00bb{}\u00a0\u00bb]<\/p>\n<p><span style=\"font-family: Albert Sans; font-weight: normal; color: #e09900;\"><span style=\"text-decoration: underline;\"><strong>Episode 10<\/strong><\/span>:<\/span><br \/><span style=\"font-family: Albert Sans; font-weight: normal; color: #e09900;\"><a href=\"https:\/\/www.lesenfantsdefrankie.com\/wp-content\/uploads\/2024\/01\/EPISODE-10-SALLE-GARNIER.pdf\" target=\"_blank\" rel=\"noopener noreferrer\" style=\"color: #e09900;\">Frankie at the Salle Garnier<\/a><\/span><\/p>\n<p>[\/et_pb_text][\/et_pb_column][et_pb_column type=\u00a0\u00bb1_2&Prime; _builder_version=\u00a0\u00bb4.16&Prime; _module_preset=\u00a0\u00bbdefault\u00a0\u00bb global_colors_info=\u00a0\u00bb{}\u00a0\u00bb][et_pb_image src=\u00a0\u00bbhttps:\/\/www.lesenfantsdefrankie.com\/wp-content\/uploads\/2025\/07\/MASCOTTE-FRANKIE-9.png\u00a0\u00bb title_text=\u00a0\u00bbMASCOTTE FRANKIE (9)\u00a0\u00bb _builder_version=\u00a0\u00bb4.27.4&Prime; _module_preset=\u00a0\u00bbdefault\u00a0\u00bb width=\u00a0\u00bb100%\u00a0\u00bb min_height=\u00a0\u00bb1343px\u00a0\u00bb global_colors_info=\u00a0\u00bb{}\u00a0\u00bb][\/et_pb_image][\/et_pb_column][\/et_pb_row][\/et_pb_section]<\/p>\n","protected":false},"excerpt":{"rendered":"<p>ALEO POLLY IN FRANKIELANDLisez les aventures de Frankie!La BD \u00c9co-responsable Frankie est la mascotte clown de l&rsquo;Association \u00ab\u00a0Les enfants de Frankie\u00a0\u00bb.\u00a0 Frankie adopte les principes de base des Objectifs de D\u00e9veloppement Durable en nous faisant partager ses histoires comiques \u00e0 travers les aventures d&rsquo;Aleo &amp; Polly a Frankieland. A la fin de chaque \u00e9pisode l&rsquo;\u00e9co-geste [&hellip;]<\/p>\n","protected":false},"author":2,"featured_media":0,"parent":0,"menu_order":0,"comment_status":"closed","ping_status":"closed","template":"","meta":{"_et_pb_use_builder":"on","_et_pb_old_content":"","_et_gb_content_width":"","footnotes":""},"class_list":["post-4283","page","type-page","status-publish","hentry"],"jetpack_sharing_enabled":true,"_links":{"self":[{"href":"https:\/\/www.lesenfantsdefrankie.com\/en\/wp-json\/wp\/v2\/pages\/4283","targetHints":{"allow":["GET"]}}],"collection":[{"href":"https:\/\/www.lesenfantsdefrankie.com\/en\/wp-json\/wp\/v2\/pages"}],"about":[{"href":"https:\/\/www.lesenfantsdefrankie.com\/en\/wp-json\/wp\/v2\/types\/page"}],"author":[{"embeddable":true,"href":"https:\/\/www.lesenfantsdefrankie.com\/en\/wp-json\/wp\/v2\/users\/2"}],"replies":[{"embeddable":true,"href":"https:\/\/www.lesenfantsdefrankie.com\/en\/wp-json\/wp\/v2\/comments?post=4283"}],"version-history":[{"count":5,"href":"https:\/\/www.lesenfantsdefrankie.com\/en\/wp-json\/wp\/v2\/pages\/4283\/revisions"}],"predecessor-version":[{"id":7607,"href":"https:\/\/www.lesenfantsdefrankie.com\/en\/wp-json\/wp\/v2\/pages\/4283\/revisions\/7607"}],"wp:attachment":[{"href":"https:\/\/www.lesenfantsdefrankie.com\/en\/wp-json\/wp\/v2\/media?parent=4283"}],"curies":[{"name":"wp","href":"https:\/\/api.w.org\/{rel}","templated":true}]}}