{"id":4251,"date":"2021-05-03T15:47:16","date_gmt":"2021-05-03T13:47:16","guid":{"rendered":"https:\/\/www.lesenfantsdefrankie.com\/?page_id=4251"},"modified":"2025-07-23T14:26:16","modified_gmt":"2025-07-23T12:26:16","slug":"qui-peut-participer","status":"publish","type":"page","link":"https:\/\/www.lesenfantsdefrankie.com\/en\/qui-peut-participer\/","title":{"rendered":"Who can Participate"},"content":{"rendered":"<p>[et_pb_section fb_built=\u00a0\u00bb1&Prime; admin_label=\u00a0\u00bbMarket Information Section\u00a0\u00bb _builder_version=\u00a0\u00bb4.27.4&Prime; background_color=\u00a0\u00bb#FFFFFF\u00a0\u00bb min_height=\u00a0\u00bb737px\u00a0\u00bb custom_margin=\u00a0\u00bb||64px|||\u00a0\u00bb custom_padding=\u00a0\u00bb70px||2px|||\u00a0\u00bb global_colors_info=\u00a0\u00bb{}\u00a0\u00bb][et_pb_row admin_label=\u00a0\u00bbMarket Information Title Area\u00a0\u00bb _builder_version=\u00a0\u00bb4.16&Prime; custom_padding=\u00a0\u00bb|||\u00a0\u00bb global_colors_info=\u00a0\u00bb{}\u00a0\u00bb][et_pb_column type=\u00a0\u00bb4_4&Prime; _builder_version=\u00a0\u00bb4.16&Prime; custom_padding=\u00a0\u00bb|||\u00a0\u00bb global_colors_info=\u00a0\u00bb{}\u00a0\u00bb custom_padding__hover=\u00a0\u00bb|||\u00a0\u00bb][et_pb_text admin_label=\u00a0\u00bbTitle\u00a0\u00bb _builder_version=\u00a0\u00bb4.27.4&Prime; text_font=\u00a0\u00bb||||||||\u00a0\u00bb header_font=\u00a0\u00bb||||||||\u00a0\u00bb header_2_font=\u00a0\u00bbLato||||||||\u00a0\u00bb header_2_font_size=\u00a0\u00bb36px\u00a0\u00bb header_2_line_height=\u00a0\u00bb1.5em\u00a0\u00bb custom_padding=\u00a0\u00bb|||\u00a0\u00bb animation_direction=\u00a0\u00bbleft\u00a0\u00bb text_text_shadow_style=\u00a0\u00bbpreset1&Prime; inline_fonts=\u00a0\u00bbAbril Fatface\u00a0\u00bb global_colors_info=\u00a0\u00bb{}\u00a0\u00bb]<\/p>\n<h1 id=\"title\"><span style=\"color: #e09900; font-family: Abril Fatface; font-weight: normal;\">QUI PEUT PARTICIPER ?<\/span><\/h1>\n<p>[\/et_pb_text][et_pb_text _builder_version=\u00a0\u00bb4.27.4&Prime; text_font=\u00a0\u00bb||||||||\u00a0\u00bb text_font_size=\u00a0\u00bb15px\u00a0\u00bb text_line_height=\u00a0\u00bb1.8em\u00a0\u00bb header_font=\u00a0\u00bb||||||||\u00a0\u00bb min_height=\u00a0\u00bb253.3px\u00a0\u00bb custom_padding=\u00a0\u00bb||3px|||\u00a0\u00bb animation_style=\u00a0\u00bbflip\u00a0\u00bb animation_direction=\u00a0\u00bbleft\u00a0\u00bb animation_intensity_flip=\u00a0\u00bb20%\u00a0\u00bb animation_starting_opacity=\u00a0\u00bb100%\u00a0\u00bb locked=\u00a0\u00bboff\u00a0\u00bb inline_fonts=\u00a0\u00bbAlbert Sans\u00a0\u00bb global_colors_info=\u00a0\u00bb{}\u00a0\u00bb]<\/p>\n<p><span style=\"color: #0c71c3; font-family: Albert Sans;\">Les organismes sanitaires, m\u00e9dico-sociaux et relevant de l\u2019aide sociale \u00e0 l\u2019enfance inscrits en tant que Structures B\u00e9n\u00e9ficiaires de l\u2019association peuvent proposer les activit\u00e9s de Frankie \u00e0 leurs enfants. Ces enfants doivent :<\/span><\/p>\n<blockquote>\n<p class=\"LC20lb MBeuO DKV0Md\"><span style=\"color: #0c71c3; font-family: Albert Sans;\">&#8211; \u00catre \u00e2g\u00e9s de 0 \u00e0 17 ans r\u00e9volus<\/span><\/p>\n<p><span style=\"color: #0c71c3; font-family: Albert Sans;\">&#8211; R\u00e9sider \u00e0 Monaco ou en r\u00e9gion PACA<\/span><\/p>\n<p><span style=\"color: #0c71c3; font-family: Albert Sans;\">&#8211; \u00catre suivi par une structure b\u00e9n\u00e9ficiaire des Enfants de Frankie<\/span><\/p>\n<\/blockquote>\n<p><span style=\"color: #0c71c3; font-family: Albert Sans;\">Les familles qui ne sont rattach\u00e9es \u00e0 aucun organisme peuvent \u00eatre admises par d\u00e9cision du Conseil d\u2019Administration et sur entretien.<\/span><\/p>\n<p>[\/et_pb_text][\/et_pb_column][\/et_pb_row][\/et_pb_section]<\/p>\n","protected":false},"excerpt":{"rendered":"<p>QUI PEUT PARTICIPER ?Les organismes sanitaires, m\u00e9dico-sociaux et relevant de l\u2019aide sociale \u00e0 l\u2019enfance inscrits en tant que Structures B\u00e9n\u00e9ficiaires de l\u2019association peuvent proposer les activit\u00e9s de Frankie \u00e0 leurs enfants. Ces enfants doivent : &#8211; \u00catre \u00e2g\u00e9s de 0 \u00e0 17 ans r\u00e9volus &#8211; R\u00e9sider \u00e0 Monaco ou en r\u00e9gion PACA &#8211; \u00catre suivi [&hellip;]<\/p>\n","protected":false},"author":2,"featured_media":0,"parent":0,"menu_order":0,"comment_status":"closed","ping_status":"closed","template":"","meta":{"_et_pb_use_builder":"on","_et_pb_old_content":"","_et_gb_content_width":"","footnotes":""},"class_list":["post-4251","page","type-page","status-publish","hentry"],"jetpack_sharing_enabled":true,"_links":{"self":[{"href":"https:\/\/www.lesenfantsdefrankie.com\/en\/wp-json\/wp\/v2\/pages\/4251","targetHints":{"allow":["GET"]}}],"collection":[{"href":"https:\/\/www.lesenfantsdefrankie.com\/en\/wp-json\/wp\/v2\/pages"}],"about":[{"href":"https:\/\/www.lesenfantsdefrankie.com\/en\/wp-json\/wp\/v2\/types\/page"}],"author":[{"embeddable":true,"href":"https:\/\/www.lesenfantsdefrankie.com\/en\/wp-json\/wp\/v2\/users\/2"}],"replies":[{"embeddable":true,"href":"https:\/\/www.lesenfantsdefrankie.com\/en\/wp-json\/wp\/v2\/comments?post=4251"}],"version-history":[{"count":5,"href":"https:\/\/www.lesenfantsdefrankie.com\/en\/wp-json\/wp\/v2\/pages\/4251\/revisions"}],"predecessor-version":[{"id":7546,"href":"https:\/\/www.lesenfantsdefrankie.com\/en\/wp-json\/wp\/v2\/pages\/4251\/revisions\/7546"}],"wp:attachment":[{"href":"https:\/\/www.lesenfantsdefrankie.com\/en\/wp-json\/wp\/v2\/media?parent=4251"}],"curies":[{"name":"wp","href":"https:\/\/api.w.org\/{rel}","templated":true}]}}